{"id":14,"date":"2014-03-26T22:14:51","date_gmt":"2014-03-26T22:14:51","guid":{"rendered":"http:\/\/its-conf.org\/2014\/?page_id=14"},"modified":"2025-10-07T10:30:27","modified_gmt":"2025-10-07T10:30:27","slug":"llamado-a-la-participacion-con-la-presentacion-de-trabajos-en-espanol","status":"publish","type":"page","link":"https:\/\/www.ciaca-conf.org\/es\/llamado-a-la-participacion-con-la-presentacion-de-trabajos-en-espanol\/","title":{"rendered":"Llamado a la Participac\u00edon con la Presentaci\u00f3n de Trabajos en Espa\u00f1ol"},"content":{"rendered":"<p style=\"text-align: justify;\">La Conferencia Ibero Americana de Computaci\u00f3n Aplicada 2025 busca atacar los temas centrales de inter\u00e9s en el \u00e1rea de ciencias de la computaci\u00f3n y temas relacionados. Esta conferencia tiene como objetivo cubrir principalmente los aspectos t\u00e9cnicos. El contexto de la Inform\u00e1tica Aplicada se divide en \u00e1reas m\u00e1s detalladas (ver m\u00e1s abajo). Sin embargo, las contribuciones innovadoras que no encajan en estas \u00e1reas tambi\u00e9n se tendr\u00e1n en cuenta, ya que pueden ser de beneficio para los asistentes a la conferencia.<\/p>\n<p style=\"text-align: justify;\">Las \u00e1reas de inter\u00e9s de Computaci\u00f3n Aplicada incluyen estas \u00e1reas aunque no est\u00e1n limitadas a ellas:<\/p>\n<table border=\"0\" cellpadding=\"0\">\n<tbody>\n<tr>\n<td style=\"width: 60%;\"><strong>Campos de Aplicaci\u00f3n<\/strong><br \/>\n&#8211; Comercio Electr\u00f3nico (e-Commerce) y pago electr\u00f3nico (ePayment)<br \/>\n&#8211; Teleformaci\u00f3n (e-learning)<br \/>\n&#8211; Medicina Electr\u00f3nica (e-Health) y Deportes Electr\u00f3nicos (eSports)<br \/>\n&#8211; Servicios de TI<br \/>\n&#8211; Computaci\u00f3n m\u00f3vel<br \/>\n&#8211; Gesti\u00f3n del conocimiento y distribuci\u00f3n&nbsp;<\/p>\n<p><strong>Actuaci\u00f3n<\/strong><br \/>\n&#8211; Sistemas distribuidos y paralelos<br \/>\n&#8211; Computaci\u00f3n Grid<br \/>\n&#8211; Evaluaci\u00f3n y An\u00e1lisis<br \/>\n&#8211; Sistemas inteligentes<br \/>\n&#8211; Aplicaciones a gran escala<br \/>\n&#8211; Almacenamiento local y distribuido<\/p>\n<p>&nbsp;<\/p>\n<p><strong>Usabilidad<\/strong><br \/>\n&#8211; Automatizaci\u00f3n de servicios<br \/>\n&#8211; Computaci\u00f3n centrada en el hombre<br \/>\n&#8211; Multimedia y visualizaci\u00f3n<br \/>\n&#8211; Modalidades de la interfaz de usuario<br \/>\n&#8211; Personalizaci\u00f3n y sistemas emp\u00e1ticos<br \/>\n&#8211; Realidad virtual<\/td>\n<td><strong>Conceptos Fundamentales e Ingenier\u00eda<\/strong><br \/>\n&#8211; Algoritmos<br \/>\n&#8211; Bases de datos y miner\u00eda de datos<br \/>\n&#8211; Sistemas de informaci\u00f3n<br \/>\n&#8211; Obtenci\u00f3n de informaci\u00f3n y agregaci\u00f3n<br \/>\n&#8211; Lenguajes y conceptos de programaci\u00f3n<br \/>\n&#8211; Seguridad y privacidad&nbsp;<\/p>\n<p><strong>Comunicaci\u00f3n<\/strong><br \/>\n&#8211; IOT<br \/>\n&#8211; Industria 4.0<br \/>\n&#8211; Sistemas y redes m\u00f3viles<br \/>\n&#8211; Protocolos, est\u00e1ndares y lenguajes de marcado.<br \/>\n&#8211; Redes de sensores<br \/>\n&#8211; Aplicaciones y tecnolog\u00edas WWW<\/p>\n<p>&nbsp;<\/p>\n<p><strong>Hardware<\/strong><br \/>\n&#8211; Inform\u00e1tica integrada<br \/>\n&#8211; Construcciones amigables con el medio ambiente<br \/>\n&#8211; Aspectos m\u00f3viles<br \/>\n&#8211; Nodos IoT<br \/>\n&#8211; Conceptos y dispositivos de seguridad<br \/>\n&#8211; Transmisi\u00f3n de informaci\u00f3n de banda ancha<\/td>\n<\/tr>\n<\/tbody>\n<\/table>\n<p style=\"text-align: justify;\">Las contribuciones en Espa\u00f1ol pueden ser enviadas en los siguientes formatos:<\/p>\n<p style=\"text-align: justify;\">\u2022\u00a0<strong>Trabajos Largos<\/strong>\u00a0\u2013 Incluyen b\u00e1sicamente resultados de investigaci\u00f3n finalizados, usando para la presentaci\u00f3n un m\u00e1ximo de 8 p\u00e1ginas (5,000 palabras).<\/p>\n<p style=\"text-align: justify;\">\u2022\u00a0<strong>Trabajos Cortos<\/strong>\u00a0\u2013 Informes de trabajos de investigaci\u00f3n en curso o desarrollos recientes, usando 4 p\u00e1ginas como m\u00e1ximo (2,500 palabras).<\/p>\n<p>\u2022\u00a0<strong>Art\u00edculos Reflexi\u00f3n<\/strong> \u2013 Los art\u00edculos de la reflexi\u00f3n pudieron tambi\u00e9n analizar tendencias generales o discutir ediciones importantes en los asuntos relacionados con Inform\u00e1tica Aplicada. \u00c9stos tienen 4 p\u00e1ginas en el m\u00e1ximo (2500 palabras).<\/p>\n<p style=\"text-align: justify;\">\u2022\u00a0<strong>P\u00f3sters\/Demostraciones<\/strong>\u00a0\u2013 Contienen informaci\u00f3n de implementaci\u00f3n o de trabajo en progreso en dos p\u00e1ginas como limite (625 palabras), adem\u00e1s del P\u00f3ster o Demostraci\u00f3n a ser expuesto en la conferencia.<\/p>\n<p style=\"text-align: justify;\">\u2022\u00a0<strong>Tutoriales<\/strong>\u00a0\u2013 Pueden ser presentados por acad\u00e9micos o representantes de compa\u00f1\u00edas. Se espera una propuesta de c\u00f3mo m\u00e1ximo de 250 palabras.<\/p>\n<p style=\"text-align: justify;\">\u2022\u00a0<strong>Paneles<\/strong>\u00a0\u2013 Se realizar\u00e1n discusiones sobre t\u00f3picos seleccionados. Se espera una propuesta de 250 palabras y sugerencias respecto a los posibles invitados.<\/p>\n<p style=\"text-align: justify;\">\u2022\u00a0<strong>Conferencias Invitadas<\/strong>\u00a0\u2013 Se invitar\u00e1n destacados acad\u00e9micos o miembros de empresas para dictarlas. Un resumen de las mismas se incluir\u00e1 en los libros de actas de la conferencia.<\/p>\n<p style=\"text-align: justify;\">\u2022\u00a0<strong>Consorcio de Posgrado<\/strong>\u00a0\u2013 Se discutir\u00e1 en grupos proyectos individuales y trabajo en curso de maestr\u00eda y doctorado. M\u00e1ximo de 4 p\u00e1ginas (2500 palabras).<\/p>\n<p>Para m\u00e1s informaci\u00f3n, p\u00f3ngase en contacto con el director de publicidad &#8211;\u00a0<span id=\"cloak41697\"><a href=\"mailto:secretariat@ciaca-conf.org\">secretariat@ciaca-conf.org<\/a><\/span><\/p>\n<p style=\"text-align: justify;\"><b>Fechas Importantes:<\/b><br \/>\n<strong>&#8211; Plazo L\u00edmite de Env\u00edo (Llamada Extra):<\/strong> 31 Octubre 2025<br \/>\n<strong>&#8211; Notificaci\u00f3n a los Autores (Llamada Extra): <\/strong>17\u00a0Noviembre 2025<br \/>\n<strong>&#8211; Env\u00edo de Versiones Finales y Registro Temprano (1\u00aa Llamada): <\/strong>hasta el 30 Junio 2025<br \/>\n<strong>&#8211; Conferencia: <\/strong>10 &#8211; 11 Diciembre 2025<\/p>\n","protected":false},"excerpt":{"rendered":"<p>La Conferencia Ibero Americana de Computaci\u00f3n Aplicada 2025 busca atacar los temas centrales de inter\u00e9s en el \u00e1rea de ciencias de la computaci\u00f3n y temas relacionados. Esta conferencia tiene como objetivo cubrir principalmente los aspectos t\u00e9cnicos. El contexto de la Inform\u00e1tica Aplicada se divide en \u00e1reas m\u00e1s detalladas (ver m\u00e1s abajo). Sin embargo, las contribuciones [&hellip;]<\/p>\n","protected":false},"author":1,"featured_media":0,"parent":0,"menu_order":0,"comment_status":"closed","ping_status":"closed","template":"","meta":{"footnotes":""},"class_list":["post-14","page","type-page","status-publish","hentry"],"_links":{"self":[{"href":"https:\/\/www.ciaca-conf.org\/es\/wp-json\/wp\/v2\/pages\/14","targetHints":{"allow":["GET"]}}],"collection":[{"href":"https:\/\/www.ciaca-conf.org\/es\/wp-json\/wp\/v2\/pages"}],"about":[{"href":"https:\/\/www.ciaca-conf.org\/es\/wp-json\/wp\/v2\/types\/page"}],"author":[{"embeddable":true,"href":"https:\/\/www.ciaca-conf.org\/es\/wp-json\/wp\/v2\/users\/1"}],"replies":[{"embeddable":true,"href":"https:\/\/www.ciaca-conf.org\/es\/wp-json\/wp\/v2\/comments?post=14"}],"version-history":[{"count":132,"href":"https:\/\/www.ciaca-conf.org\/es\/wp-json\/wp\/v2\/pages\/14\/revisions"}],"predecessor-version":[{"id":2591,"href":"https:\/\/www.ciaca-conf.org\/es\/wp-json\/wp\/v2\/pages\/14\/revisions\/2591"}],"wp:attachment":[{"href":"https:\/\/www.ciaca-conf.org\/es\/wp-json\/wp\/v2\/media?parent=14"}],"curies":[{"name":"wp","href":"https:\/\/api.w.org\/{rel}","templated":true}]}}